{"id":491,"date":"2022-11-11T12:33:03","date_gmt":"2022-11-11T10:33:03","guid":{"rendered":"http:\/\/www.climatechangeinme.fi\/?page_id=491"},"modified":"2022-12-07T21:22:45","modified_gmt":"2022-12-07T19:22:45","slug":"lukuvinkkeja","status":"publish","type":"page","link":"https:\/\/www.climatechangeinme.fi\/?page_id=491","title":{"rendered":"Lukuvinkkej\u00e4\u00a0"},"content":{"rendered":"\n<h3 class=\"has-text-align-center wp-block-heading\">Luovan kirjoittamisen oppaita<\/h3>\n\n\n\n<p>Cameron, Julia 2021: <em>Tie luovuuteen: henkinen polku syvemp\u00e4\u00e4n luovuuteen<\/em>. Suom. Pekka Pakkala. Like.<\/p>\n\n\n\n<p>Cameron, Julia 2004:<em> Tyhj\u00e4n paperin nautinto: tie luovaan kirjoittamiseen<\/em>. Suom. Juha Ahokas. Like.<\/p>\n\n\n\n<p>Ekstr\u00f6m, Nora &amp; Puikkonen, Emma &amp; Suoniemi, Karoliina (toim.) 2018: <em>Sanataidetta on! Ty\u00f6tavat, tekij\u00e4t ja teoria.<\/em> Kirjan talo.<\/p>\n\n\n\n<p>Gillard, John 2017: <em>Luovan kirjoittajan ty\u00f6kirja \u2013 20 kirjailijaa, 70 sormiharjoitusta<\/em>. Suom. Urpu Strellman. Suomalaisten kirjailijoiden osuudet laatinut Jani Saxell. Art House.<\/p>\n\n\n\n<p>Goldberg, Natalie 2008: <em>Luihin ja ytimiin: kirja kirjoittajalle<\/em>. Suom. Niina Hakalahti ja Jyrki Tuulari. Kansanvalistusseura.<\/p>\n\n\n\n<p>Haanp\u00e4\u00e4, P\u00e4ivi &amp; Rannela, Terhi 2019: <em>Miksi en kirjoittaisi? <\/em>Avain.<\/p>\n\n\n\n<p>Haanp\u00e4\u00e4, P\u00e4ivi 2016: <em>Tullaan tutuiksi: 55 tapaa tutustua.<\/em> Avain.<\/p>\n\n\n\n<p>Hakalahti, Niina 2018: <em>Sy\u00f6n aamupalaksi Eiffel-torneja<\/em>. Karisto.<\/p>\n\n\n\n<p>Happonen, Kaisa &amp; Miettinen, Karri Paleface 2018: <em>Revi se<\/em>. WSOY.<\/p>\n\n\n\n<p>Ilmanen, Pirkko &amp; Kotka, Riika &amp; Pulli, Elina &amp; Venho, Johanna 2019: <em>Runomatkaopas \u2013 Harjoituksia ja ty\u00f6pajoja lapsille<\/em>. Aviador.<\/p>\n\n\n\n<p>Heikkil\u00e4, Mervi &amp; Leinonen, Anne 2020: <em>Pieni taikakauppa: Fantastinen kirjoitusopas<\/em>. Haamu.<\/p>\n\n\n\n<p>Heikkil\u00e4, Mervi &amp; Leinonen, Anne 2019: <em>Kauhumaan kartta: Kirjoita, jos uskallat<\/em>. Haamu.<\/p>\n\n\n\n<p>Karlsson, Ylva &amp; Kuick, Katarina 2010: <em>Kirjoittamisen ihanuus \u2013 Nuoren kirjoittajan opas<\/em>. Karisto.<\/p>\n\n\n\n<p>Kolu, Siri &amp; Pellicioni, Sanna 2019: <em>Lue minut<\/em>. Otava.<\/p>\n\n\n\n<p>Puikkonen, Emma &amp; Puikkonen, Arja 2015: <em>K\u00e4sikirja mielikuvituksen matkaajille: Kirjoittamisen seikkailuopas<\/em>. Kirjapaja.<\/p>\n\n\n\n<p>Vuori, Katariina 2020: <em>Tarinataikurit: Sanataideharjoituksia lapsille<\/em>.<br>Lasten Keskus.<\/p>\n\n\n\n<div style=\"height:30px\" aria-hidden=\"true\" class=\"wp-block-spacer\"><\/div>\n\n\n\n<h3 class=\"has-text-align-center wp-block-heading\">Kirjallisuutta tunnetaidoista ja ymp\u00e4rist\u00f6tunteista<\/h3>\n\n\n\n<p>J\u00e4\u00e4skinen, Anne-Mari 2017: <em>Mit\u00e4 s\u00e4 rageet? Lapsen ja nuoren tunnetaitojen tukeminen.<\/em> Lasten Keskus.<\/p>\n\n\n\n<p>Macy, Joanna &amp; Brown, Molly 2014: <em>Coming back to life \u2013 The updated guide to the work that reconnects<\/em>. New Society Publishers.<\/p>\n\n\n\n<p>Macy, Joanna &amp; Johnstone, Chris 2012: <em>Active hope: How to face the mess we\u2019re in without going crazy<\/em>. New World Library.<\/p>\n\n\n\n<p>Nuotio, Eppu &amp; Anttonen, Anna &amp; Inkala, Kati 2019: <em>Min\u00e4 tykk\u00e4\u00e4n nyt: Ilosta, ujostelusta ja muista tunteista<\/em>. WSOY.<\/p>\n\n\n\n<p>Pihkala, Panu 2019: <em>Mieli maassa? Ymp\u00e4rist\u00f6tunteet<\/em>. Kirjapaja.<\/p>\n\n\n\n<p>Pihkala, Panu 2017: <em>P\u00e4in helvetti\u00e4? \u2013 Ymp\u00e4rist\u00f6ahdistus ja toivo<\/em>. Kirjapaja.<\/p>\n\n\n\n<p>Rosenberg, Marshall B. 2019: <em>Rakentava ja my\u00f6t\u00e4el\u00e4v\u00e4 vuorovaikutus: Nonviolent communication NVC<\/em>. Suom. Teija Hartikainen. Viisas El\u00e4m\u00e4 Oy.<\/p>\n\n\n\n<div style=\"height:30px\" aria-hidden=\"true\" class=\"wp-block-spacer\"><\/div>\n\n\n\n<h3 class=\"has-text-align-center wp-block-heading\">Ymp\u00e4rist\u00f6tunteisiin ja ymp\u00e4rist\u00f6vaikuttamiseen liittyvi\u00e4 verkkomateriaaleja<\/h3>\n\n\n\n<p>Kemppainen, Eeva &amp; Pihkala, Panu &amp; Sipari, Pinja 2019: <em>Toivoa &amp; toimintaa<\/em>. Biologian ja maantieteen opettajien liitto BMOL ry. <a href=\"https:\/\/toivoajatoimintaa.fi\/\" target=\"_blank\" rel=\"noreferrer noopener\">https:\/\/toivoajatoimintaa.fi\/<\/a> (V\u00e4lineit\u00e4 ymp\u00e4rist\u00f6tunteiden ja kest\u00e4v\u00e4n kehityksen kysymysten k\u00e4sittelyyn kasvattajille.)<\/p>\n\n\n\n<p>Koivula, Leena &amp; al. 2020: <em>Luonto ja tunteet<\/em>. <a href=\"https:\/\/www.luontojatunteet.fi\/\" target=\"_blank\" rel=\"noreferrer noopener\">https:\/\/www.luontojatunteet.fi\/<\/a> (V\u00e4lineit\u00e4 ymp\u00e4rist\u00f6tunteiden ja ymp\u00e4rist\u00f6vaikuttamisen k\u00e4sittelyyn eri oppiaineissa.)<\/p>\n\n\n\n<p>Kuoppam\u00e4ki, Anna &amp; Myllynen, Maarit &amp; Snellman, Maami 2020: <em>Taidepolkuja ymp\u00e4rist\u00f6empatiaan. Opas monitaiteiseen ty\u00f6skentelyyn.<\/em> Kehitt\u00e4miskeskus Opinkirjo. <a href=\"https:\/\/opinkirjo.fi\/materiaalit\/taidepolkuja-ymparistoempatiaan\/\" target=\"_blank\" rel=\"noreferrer noopener\">https:\/\/opinkirjo.fi\/materiaalit\/taidepolkuja-ymparistoempatiaan\/<\/a><\/p>\n\n\n\n<p>Laininen, Henna &amp; Nieminen, Eero 2021:<em> Minun ilmastotaitoni<\/em>. <a href=\"https:\/\/areena.yle.fi\/audio\/1-50814296\" target=\"_blank\" rel=\"noreferrer noopener\">https:\/\/areena.yle.fi\/audio\/1-50814296<\/a> (Kaksiosainen radiodokumentti ilmastotaidoista.)<\/p>\n\n\n\n<p>Laininen, Henna &amp; Nieminen, Eero 2021: <em>Minun ilmastotaitoni<\/em>. <a href=\"http:\/\/www.ilmastotaitoni.fi\" target=\"_blank\" rel=\"noreferrer noopener\">http:\/\/www.ilmastotaitoni.fi<\/a> (Verkkodokumentti, joka sis\u00e4lt\u00e4\u00e4 taitojen harjoittajien haastatteluja ja yl\u00e4kouluille sek\u00e4 lukioille soveltuvia teht\u00e4vi\u00e4 ilmastotaidoista).<\/p>\n\n\n\n<p>Laininen, Henna &amp; Nieminen, Eero 2018: <em>Sulamisvesiss\u00e4<\/em>. <a href=\"https:\/\/areena.yle.fi\/1-4553151\" target=\"_blank\" rel=\"noreferrer noopener\">https:\/\/areena.yle.fi\/1-4553151<\/a> (Radioessee ilmastonmuutoksen kehollisesta kokemisesta.)<\/p>\n\n\n\n<p>Lilja, Eeva &amp; Rintala, Hanna &amp; Saari, Taneli &amp; Turhala, Satu 2022: <em>Ymp\u00e4rist\u00f6ahdistus<\/em>. Ymp\u00e4rist\u00f6ahdistuksen mieli -hanke. <a href=\"https:\/\/www.ymparistoahdistus.fi\/\" target=\"_blank\" rel=\"noreferrer noopener\">https:\/\/www.ymparistoahdistus.fi\/<\/a> (Harjoituksia ja materiaaleja ymp\u00e4rist\u00f6tunteiden kanssa el\u00e4miseen nuorille ja aikuisille.)<\/p>\n\n\n\n<p>Pihkala, Panu 2019: <em>Ilmastoahdistus ja sen kanssa el\u00e4minen<\/em>. MIELI Suomen Mielenterveys ry. <a href=\"https:\/\/www.researchgate.net\/publication\/336616509_Ilmastoahdistus_ja_sen_kanssa_elaminen_Climate_anxiety\" target=\"_blank\" rel=\"noreferrer noopener\">https:\/\/www.researchgate.net\/publication\/336616509_Ilmastoahdistus_ja_sen_kanssa_elaminen_Climate_anxiety<\/a> (Raportti ilmastoahdistuksesta.)<\/p>\n\n\n\n<div style=\"height:30px\" aria-hidden=\"true\" class=\"wp-block-spacer\"><\/div>\n\n\n\n<h3 class=\"has-text-align-center wp-block-heading\">Kaunokirjallisuutta nuorille ymp\u00e4rist\u00f6kriisist\u00e4<\/h3>\n\n\n\n<p>Aalto, Anne-Maija 2020: <em>Korento<\/em>. Otava. Itsen\u00e4inen jatko-osa: <em>Mist\u00e4 valo p\u00e4\u00e4see sis\u00e4\u00e4n<\/em> (2021).<\/p>\n\n\n\n<p>Enoranta, Siiri 2022: <em>Maailmantytt\u00e4ret<\/em>. WSOY.<\/p>\n\n\n\n<p>Enoranta, Siiri 2013: <em>Nokkosvallankumous<\/em>. WSOY.<\/p>\n\n\n\n<p>Gustafsson, Laura 2016: <em>Korpisoturi. <\/em>Into-Kustannus.<\/p>\n\n\n\n<p>Isom\u00e4ki, Risto 2005: <em>Sarasvatin hiekkaa<\/em>. Tammi.<\/p>\n\n\n\n<p>It\u00e4ranta, Emmi 2020: <em>Kuunp\u00e4iv\u00e4n kirjeet<\/em>. Teos.<\/p>\n\n\n\n<p>It\u00e4ranta, Emmi 2012: <em>Teemestarin kirja<\/em>. Teos.<\/p>\n\n\n\n<p>Lappalainen, Eija &amp; Leinonen, Anne 2011: <em>Routasisarukset<\/em>. WSOY.<\/p>\n\n\n\n<p>Lunde, Maja 2016: <em>Mehil\u00e4isten historia<\/em>. Suom. Katriina Huttunen. Tammi.<\/p>\n\n\n\n<p>Luther, Annika 2011: <em>Kodittomien kaupunki<\/em>. Suom. Asko Sahlberg. S\u00f6derstr\u00f6ms.<\/p>\n\n\n\n<p>L\u00e4hteenm\u00e4ki, Laura 2012: <em>Niskaan putoava taivas<\/em>. WSOY. Jatko-osat: <em>Kaiken peitt\u00e4v\u00e4 tulva<\/em> (2013), <em>Karrelle polttava helle<\/em> (2014).<\/p>\n\n\n\n<p>Puikkonen, Emma 2019: <em>Lupaus<\/em>. WSOY.<\/p>\n\n\n\n<p>Vacklin, Anders &amp; Parhamaa, Aki 2018: <em>Beta<\/em>. Tammi. Jatko-osat:<br><em>Glitch <\/em>(2019), <em>Replica<\/em> (2020).<\/p>\n\n\n\n<div style=\"height:30px\" aria-hidden=\"true\" class=\"wp-block-spacer\"><\/div>\n\n\n\n<h3 class=\"has-text-align-center wp-block-heading\">Tietokirjoja nuorille ymp\u00e4rist\u00f6kriisist\u00e4<\/h3>\n\n\n\n<p>Annila, Silja &amp; Pekkonen, Sanna &amp; Uusitalo, Kaisa 2020: <em>Tekoja nyt! Maailmanpelastajan k\u00e4sikirja<\/em>. Otava.<\/p>\n\n\n\n<p>Happonen, Kaisa &amp; Miettinen, Karri 2020: <em>Ilmastotekokirja<\/em>. WSOY.<\/p>\n\n\n\n<p>Heiskanen, Marjo 2020: <em>Yhteen hiileen: mist\u00e4 ilmastonmuutoksessa on kysymys ja mit\u00e4 me voimme sille tehd\u00e4?<\/em> Tammi.<\/p>\n\n\n\n<p>Koskiranta, Eveliina &amp; Uusivirta, Mari 2020: <em>Vaikuta!<\/em> <em>Maailmanparantajien kirja<\/em>. S&amp;S.<\/p>\n\n\n\n<div style=\"height:30px\" aria-hidden=\"true\" class=\"wp-block-spacer\"><\/div>\n\n\n\n<h3 class=\"has-text-align-center wp-block-heading\">Lastenkirjoja ymp\u00e4rist\u00f6kriisist\u00e4<\/h3>\n\n\n\n<p>Bondestam, Linda 2020: <em>El\u00e4m\u00e4ni pohjalla: yksin\u00e4isen aksolotlin tarina<\/em>. Suom. Maarit Halmesarka. Teos &amp; F\u00f6rlaget.<\/p>\n\n\n\n<p>Camerini, Valentina 2019: <em>Gretan tarina: et ole koskaan liian pieni tekem\u00e4\u00e4n suuria asioita<\/em>. Suom. Taru Nystr\u00f6m. Into.<\/p>\n\n\n\n<p>Erfving, Emilia 2021: <em>Roskakasa.<\/em> Lasten Keskus.<\/p>\n\n\n\n<p>Erkintalo, Jenni 2019: <em>Mato ja Meri.<\/em> Etana Editions.<\/p>\n\n\n\n<p>Ertimo, Laura 2021: <em>Aika matka! \u2013 Lotta, Kasper ja luontokadon arvoitus<\/em>. Into.<\/p>\n\n\n\n<p>Ertimo, Laura 2019: <em>Ihme ilmat! \u2013 Miksi ilmasto muuttuu.<\/em> Into.<\/p>\n\n\n\n<p>Korolainen, Tuula 2020: <em>Sara ja kadonneet sateet.<\/em> Karisto.<\/p>\n\n\n\n<p>Liksom, Rosa 2008:<em> Jepata Nasta pohjoisnavalla<\/em>. Tammi.<\/p>\n\n\n\n<p>Nopola, Sinikka &amp; Bondestam, Linda 2008: <em>Anna Talven outo viivytys.<\/em> WSOY.<\/p>\n\n\n\n<p>Pelliccioni, Sanna 2018: <em>Meid\u00e4n piti l\u00e4hte\u00e4<\/em>. S&amp;S.<\/p>\n\n\n\n<p>Pelttari, Mikko 2019: <em>N\u00e4kym\u00e4t\u00f6n myrsky<\/em>. Otava.<\/p>\n\n\n\n<p>T\u00e4hk\u00e4p\u00e4\u00e4, Otto &amp; Rybatzki, Ilpo 2021: <em>Telin tutkimusmatka tulevaisuuksiin<\/em>. Tammi.<\/p>\n\n\n\n<div style=\"height:30px\" aria-hidden=\"true\" class=\"wp-block-spacer\"><\/div>\n\n\n\n<h3 class=\"has-text-align-center wp-block-heading\">Selkokirjoja kaikenik\u00e4isille ymp\u00e4rist\u00f6kysymyksist\u00e4<\/h3>\n\n\n\n<p>Ertimo, Laura 2021:<em> Ilmastonmuutos selkokielell\u00e4.<\/em> Kehitysvammaliitto.<\/p>\n\n\n\n<p>Ertimo, Laura &amp; Hotakainen, Markus 2020: <em>Maapallo: planeettamme selkokielell\u00e4.<\/em> Kehitysvammaliitto.<\/p>\n\n\n\n<p>Haapala, Mikko 2006: <em>Ekotekoja: vinkkej\u00e4 luonnonsuojeluun<\/em>. Kehitysvammaisten tukiliitto.<\/p>\n\n\n\n<p>Lintunen, Martti 2018:<em> Mit\u00e4 j\u00e4\u00e4karhu sanoi pingviinille?<\/em> Pieni Karhu.<\/p>\n\n\n\n<p>Niinist\u00f6-Samela, Seija 2013: <em>Mit\u00e4 on energia? Tietoa selkokielell\u00e4<\/em>. Pieni Karhu.<\/p>\n\n\n\n<div style=\"height:30px\" aria-hidden=\"true\" class=\"wp-block-spacer\"><\/div>\n\n\n\n<h3 class=\"has-text-align-center wp-block-heading\">Lis\u00e4\u00e4 kirjallisuutta ilmastonmuutoksesta<\/h3>\n\n\n\n<p>Ilmastolukupiiri: \u201cIlmastolukupiirin kirjalista.\u201d <a href=\"https:\/\/ilmastolukupiiri.fi\/kirjalista\/\">https:\/\/ilmastolukupiiri.fi\/kirjalista\/<\/a><\/p>\n\n\n\n<div style=\"height:30px\" aria-hidden=\"true\" class=\"wp-block-spacer\"><\/div>\n\n\n\n<figure class=\"wp-block-image size-large\"><img loading=\"lazy\" decoding=\"async\" width=\"1024\" height=\"660\" src=\"http:\/\/www.climatechangeinme.fi\/wp-content\/uploads\/2022\/11\/42.-preslicka_2-1024x660.png\" alt=\"\" class=\"wp-image-588\" srcset=\"https:\/\/www.climatechangeinme.fi\/wp-content\/uploads\/2022\/11\/42.-preslicka_2-1024x660.png 1024w, https:\/\/www.climatechangeinme.fi\/wp-content\/uploads\/2022\/11\/42.-preslicka_2-300x193.png 300w, https:\/\/www.climatechangeinme.fi\/wp-content\/uploads\/2022\/11\/42.-preslicka_2-768x495.png 768w, https:\/\/www.climatechangeinme.fi\/wp-content\/uploads\/2022\/11\/42.-preslicka_2-1536x990.png 1536w, https:\/\/www.climatechangeinme.fi\/wp-content\/uploads\/2022\/11\/42.-preslicka_2-2048x1320.png 2048w, https:\/\/www.climatechangeinme.fi\/wp-content\/uploads\/2022\/11\/42.-preslicka_2-1568x1011.png 1568w\" sizes=\"auto, (max-width: 1024px) 100vw, 1024px\" \/><\/figure>\n","protected":false},"excerpt":{"rendered":"<p>Luovan kirjoittamisen oppaita Cameron, Julia 2021: Tie luovuuteen: henkinen polku syvemp\u00e4\u00e4n luovuuteen. Suom. Pekka Pakkala. Like. Cameron, Julia 2004: Tyhj\u00e4n paperin nautinto: tie luovaan kirjoittamiseen. Suom. Juha Ahokas. Like. Ekstr\u00f6m, Nora &amp; Puikkonen, Emma &amp; Suoniemi, Karoliina (toim.) 2018: Sanataidetta on! Ty\u00f6tavat, tekij\u00e4t ja teoria. Kirjan talo. Gillard, John 2017: Luovan kirjoittajan ty\u00f6kirja \u2013 20&hellip; <a class=\"more-link\" href=\"https:\/\/www.climatechangeinme.fi\/?page_id=491\">Jatka lukemista <span class=\"screen-reader-text\">Lukuvinkkej\u00e4\u00a0<\/span><\/a><\/p>\n","protected":false},"author":2,"featured_media":0,"parent":0,"menu_order":0,"comment_status":"closed","ping_status":"closed","template":"","meta":{"footnotes":""},"class_list":["post-491","page","type-page","status-publish","hentry","entry"],"_links":{"self":[{"href":"https:\/\/www.climatechangeinme.fi\/index.php?rest_route=\/wp\/v2\/pages\/491","targetHints":{"allow":["GET"]}}],"collection":[{"href":"https:\/\/www.climatechangeinme.fi\/index.php?rest_route=\/wp\/v2\/pages"}],"about":[{"href":"https:\/\/www.climatechangeinme.fi\/index.php?rest_route=\/wp\/v2\/types\/page"}],"author":[{"embeddable":true,"href":"https:\/\/www.climatechangeinme.fi\/index.php?rest_route=\/wp\/v2\/users\/2"}],"replies":[{"embeddable":true,"href":"https:\/\/www.climatechangeinme.fi\/index.php?rest_route=%2Fwp%2Fv2%2Fcomments&post=491"}],"version-history":[{"count":12,"href":"https:\/\/www.climatechangeinme.fi\/index.php?rest_route=\/wp\/v2\/pages\/491\/revisions"}],"predecessor-version":[{"id":1029,"href":"https:\/\/www.climatechangeinme.fi\/index.php?rest_route=\/wp\/v2\/pages\/491\/revisions\/1029"}],"wp:attachment":[{"href":"https:\/\/www.climatechangeinme.fi\/index.php?rest_route=%2Fwp%2Fv2%2Fmedia&parent=491"}],"curies":[{"name":"wp","href":"https:\/\/api.w.org\/{rel}","templated":true}]}}