{"id":93,"date":"2022-09-18T12:35:17","date_gmt":"2022-09-18T09:35:17","guid":{"rendered":"http:\/\/www.climatechangeinme.fi\/?page_id=93"},"modified":"2022-12-07T21:20:31","modified_gmt":"2022-12-07T19:20:31","slug":"esimerkkityopajoja","status":"publish","type":"page","link":"https:\/\/www.climatechangeinme.fi\/?page_id=93","title":{"rendered":"Esimerkkity\u00f6pajoja"},"content":{"rendered":"\n<div class=\"wp-block-cover is-light\"><span aria-hidden=\"true\" class=\"wp-block-cover__background has-white-background-color has-background-dim-30 has-background-dim\"><\/span><img loading=\"lazy\" decoding=\"async\" width=\"1810\" height=\"2560\" class=\"wp-block-cover__image-background wp-image-830\" alt=\"\" src=\"http:\/\/www.climatechangeinme.fi\/wp-content\/uploads\/2022\/12\/font-page-blue-scaled.jpg\" style=\"object-position:51% 0%\" data-object-fit=\"cover\" data-object-position=\"51% 0%\" srcset=\"https:\/\/www.climatechangeinme.fi\/wp-content\/uploads\/2022\/12\/font-page-blue-scaled.jpg 1810w, https:\/\/www.climatechangeinme.fi\/wp-content\/uploads\/2022\/12\/font-page-blue-212x300.jpg 212w, https:\/\/www.climatechangeinme.fi\/wp-content\/uploads\/2022\/12\/font-page-blue-724x1024.jpg 724w, https:\/\/www.climatechangeinme.fi\/wp-content\/uploads\/2022\/12\/font-page-blue-768x1086.jpg 768w, https:\/\/www.climatechangeinme.fi\/wp-content\/uploads\/2022\/12\/font-page-blue-1086x1536.jpg 1086w, https:\/\/www.climatechangeinme.fi\/wp-content\/uploads\/2022\/12\/font-page-blue-1448x2048.jpg 1448w, https:\/\/www.climatechangeinme.fi\/wp-content\/uploads\/2022\/12\/font-page-blue-1568x2218.jpg 1568w\" sizes=\"auto, (max-width: 1810px) 100vw, 1810px\" \/><div class=\"wp-block-cover__inner-container is-layout-flow wp-block-cover-is-layout-flow\">\n<p class=\"has-text-align-center has-black-color has-text-color has-large-font-size\"><strong>Seuraavat esimerkkity\u00f6pajojen rakenteet esittelev\u00e4t, miten t\u00e4m\u00e4n opetusmateriaalin teemoista voi koota kahden oppitunnin <em>(90 min)<\/em> mittaisen opetustuokion. Ymp\u00e4rist\u00f6kysymyksi\u00e4 kannattaa mielell\u00e4\u00e4n k\u00e4sitell\u00e4 useamman opetustuokion mittaisina kokonaisuuksina, jolloin ryhm\u00e4ll\u00e4 on riitt\u00e4v\u00e4sti aikaa toisaalta kuunnella ymp\u00e4rist\u00f6tunteitaan ja toisaalta pohtia omia vaikutusmahdollisuuksiaan ymp\u00e4rist\u00f6kriisiin. Ymp\u00e4rist\u00f6tunteiden k\u00e4sittely saattaa her\u00e4tt\u00e4\u00e4 osassa ryhm\u00e4\u00e4 toimintahalua, joten olisi t\u00e4rke\u00e4\u00e4, ett\u00e4 tunnety\u00f6skentelyjen ohella tarjotaan mahdollisuus konkreettisen toiminnan suunnitteluun ja toteuttamiseen. Esimerkkity\u00f6pajan sis\u00e4ll\u00f6n voi r\u00e4\u00e4t\u00e4l\u00f6id\u00e4 oman ryhm\u00e4n tarpeisiin sopivaksi. Jatkoharjoituksen voi tarvittaessa j\u00e4tt\u00e4\u00e4 pois, jos ryhm\u00e4 tarvitsee rauhallisempaa etenemistahtia.<\/strong><\/p>\n<\/div><\/div>\n\n\n\n<h4 class=\"has-text-align-center wp-block-heading\">Luvun sis\u00e4lt\u00f6:<\/h4>\n\n\n\n<p class=\"has-text-align-center\"><a href=\"#ymparistotunteet\" data-type=\"internal\" data-id=\"#ymparistotunteet\"><strong>Ymp\u00e4rist\u00f6tunteet<\/strong><\/a><br><a href=\"#lammittelyharjoitus\" data-type=\"internal\" data-id=\"#lammittelyharjoitus\">L\u00e4mmittelyharjoitus: Kiitollisuuspiiri<\/a><br><a href=\"#lammittelyharjoitus\" data-type=\"internal\" data-id=\"#lammittelyharjoitus\">L\u00e4mmittelyharjoitus: Tunnesanaimprovisaatio<\/a><br><a href=\"#virittaytyminen\" data-type=\"internal\" data-id=\"#virittaytyminen\">Viritt\u00e4ytyminen: Alustus ymp\u00e4rist\u00f6tunteista<\/a><br><a href=\"#paaharjoitus\" data-type=\"internal\" data-id=\"#paaharjoitus\">P\u00e4\u00e4harjoitus: Tunteiden k\u00e4sitekartta<\/a><br><a href=\"#jatkoharjoitus\" data-type=\"internal\" data-id=\"#jatkoharjoitus\">Jatkoharjoitus: Runo tai laulu omasta ilmastotunteesta<\/a><br><a href=\"#purku\" data-type=\"internal\" data-id=\"#purku\">Purku: Yhteinen tunnemaasto<\/a><\/p>\n\n\n\n<p class=\"has-text-align-center\"><a href=\"#kestava\" data-type=\"internal\" data-id=\"#kestava\"><strong>Kest\u00e4v\u00e4 tulevaisuus<\/strong><\/a><br><a href=\"#lammittelyharjoitus3\" data-type=\"internal\" data-id=\"#lammittelyharjoitus3\">L\u00e4mmittelyharjoitus: Ajatuksiani tulevaisuudesta -gallup<\/a><br><a href=\"#lammittelyharjoitus4\" data-type=\"internal\" data-id=\"#lammittelyharjoitus4\">L\u00e4mmittelyharjoitus: Kest\u00e4v\u00e4 tulevaisuus -ideariihi<\/a><br><a href=\"#virittaytyminen2\" data-type=\"internal\" data-id=\"#virittaytyminen2\">Viritt\u00e4ytyminen: Ihmiskunnan keksint\u00f6j\u00e4<\/a><br><a href=\"#paaharjoitus2\" data-type=\"internal\" data-id=\"#paaharjoitus2\">P\u00e4\u00e4harjoitus: Tulevaisuuden keksint\u00f6j\u00e4<\/a><br><a href=\"#jatkoharjoitus2\" data-type=\"internal\" data-id=\"#jatkoharjoitus2\">Jatkoharjoitus: Pys\u00e4ytyskuvia tulevaisuuden taidoista ja keksinn\u00f6ist\u00e4<\/a><\/p>\n\n\n\n<p class=\"has-text-align-center\"><strong><a href=\"#mina\" data-type=\"internal\" data-id=\"#mina\">Min\u00e4 ymp\u00e4rist\u00f6vaikuttajana<\/a><\/strong><br><a href=\"#lammittelyharjoitus5\" data-type=\"internal\" data-id=\"#lammittelyharjoitus5\">L\u00e4mmittelyharjoitus: Jos kaikki olisi mahdollista<\/a><br><a href=\"#virittaytyminen3\" data-type=\"internal\" data-id=\"#virittaytyminen3\">Viritt\u00e4ytyminen: Tutustuminen ilmastovaikuttamiseen<\/a><br><a href=\"#paaharjoitus3\" data-type=\"internal\" data-id=\"#paaharjoitus3\">P\u00e4\u00e4harjoitus: Ilmastosankareita<\/a><br><a href=\"#jatkoharjoitus3\" data-type=\"internal\" data-id=\"#jatkoharjoitus3\">Jatkoharjoitus: Elokuva ilmastosupersankarista<\/a><\/p>\n\n\n\n<div style=\"height:100px\" aria-hidden=\"true\" class=\"wp-block-spacer\"><\/div>\n\n\n\n<h2 class=\"has-text-align-center wp-block-heading\" id=\"ymparistotunteet\">1. Ymp\u00e4rist\u00f6tunteet<br><em>(90 min)<\/em><\/h2>\n\n\n\n<figure class=\"wp-block-image size-full is-resized\"><img decoding=\"async\" src=\"http:\/\/www.climatechangeinme.fi\/wp-content\/uploads\/2022\/11\/36.-seminka-a-cervene-vlnky-uvody-do-cviceni_01.png\" alt=\"\" class=\"wp-image-375\" width=\"357\" srcset=\"https:\/\/www.climatechangeinme.fi\/wp-content\/uploads\/2022\/11\/36.-seminka-a-cervene-vlnky-uvody-do-cviceni_01.png 459w, https:\/\/www.climatechangeinme.fi\/wp-content\/uploads\/2022\/11\/36.-seminka-a-cervene-vlnky-uvody-do-cviceni_01-300x71.png 300w\" sizes=\"(max-width: 459px) 100vw, 459px\" \/><\/figure>\n\n\n\n<p><strong>Oppitunnin teema ja tavoitteet:<\/strong><br>Oppitunnilla opetellaan tunnistamaan itsess\u00e4 erilaisia ymp\u00e4rist\u00f6tunteita, opetellaan tunteiden jakamista toisten kanssa ja lis\u00e4t\u00e4\u00e4n ymm\u00e4rryst\u00e4 toisten tunnemaastoista. Yl\u00e4koulu ja lukio: Oppitunti edist\u00e4\u00e4 laaja-alaisen osaamisen tavoitteita <em>kulttuurinen osaaminen, vuorovaikutus ja ilmaisu; itsest\u00e4 huolehtiminen ja arjen taidot; hyvinvointiosaaminen; vuorovaikutusosaaminen <\/em>sek\u00e4<em> eettisyys ja<\/em> <em>ymp\u00e4rist\u00f6osaaminen<\/em>. Sanataiteen perusopetus: Oppitunti edist\u00e4\u00e4 tavoitteita <em>sanataiteilijana kehittyminen<\/em> ja <em>oma\u00e4\u00e4ninen kirjoittaminen<\/em> \u2013 oppitunnilla herkistyt\u00e4\u00e4n eri aistien k\u00e4ytt\u00f6\u00f6n, opetellaan sanallistamaan omia tunteita, tutustutaan k\u00e4sitekarttaan, runoihin, laulunsanoituksiin ja kollaasiin tekstityyppein\u00e4 sek\u00e4 laajennetaan sanavarastoa.<\/p>\n\n\n\n<div style=\"height:30px\" aria-hidden=\"true\" class=\"wp-block-spacer\"><\/div>\n\n\n\n<figure class=\"wp-block-image size-full\"><img loading=\"lazy\" decoding=\"async\" width=\"52\" height=\"53\" src=\"http:\/\/www.climatechangeinme.fi\/wp-content\/uploads\/2022\/11\/36.-seminka-a-cervene-vlnky-uvody-do-cviceni_02.png\" alt=\"\" class=\"wp-image-376\"\/><\/figure>\n\n\n\n<h3 class=\"has-text-align-center wp-block-heading\" id=\"lammittelyharjoitus\">L\u00e4mmittelyharjoitus:<br>Kiitollisuuspiiri<br><em>(10 min)<\/em><\/h3>\n\n\n\n<p>Jokainen sanoo vuorollaan yhden pienen tai suuren asian, josta on t\u00e4n\u00e4\u00e4n kiitollinen (ks. harjoitus <a href=\"http:\/\/www.climatechangeinme.fi\/?page_id=38#kiitollisuuspiiri\">Kiitollisuuspiiri<\/a>). Jos ryhm\u00e4l\u00e4iset eiv\u00e4t entuudestaan tunne toisiaan, voi kiitollisuuspiiri toimia samalla esittelykierroksena, jolla kerrotaan oma nimi. Vaihtoehtoinen toteutustapa, jos ryhm\u00e4n ilmapiiri ei ole riitt\u00e4v\u00e4n turvallinen: kirjoitetaan itsekseen 3 minuutin ajan tajunnanvirtaa aloituksella \u201cT\u00e4n\u00e4\u00e4n olen kiitollinen\u2026\u201d<\/p>\n\n\n\n<div style=\"height:30px\" aria-hidden=\"true\" class=\"wp-block-spacer\"><\/div>\n\n\n\n<figure class=\"wp-block-image size-full\"><img loading=\"lazy\" decoding=\"async\" width=\"45\" height=\"52\" src=\"http:\/\/www.climatechangeinme.fi\/wp-content\/uploads\/2022\/11\/36.-seminka-a-cervene-vlnky-uvody-do-cviceni_03.png\" alt=\"\" class=\"wp-image-377\"\/><\/figure>\n\n\n\n<h3 class=\"has-text-align-center wp-block-heading\" id=\"lammittelyharjoitus2\">L\u00e4mmittelyharjoitus: Tunnesanaimprovisaatio<br><em>(10 min)<\/em><\/h3>\n\n\n\n<p>Sanallistetaan eri tunnesanojen her\u00e4tt\u00e4mi\u00e4 mielikuvia (ks. harjoitus <a href=\"http:\/\/www.climatechangeinme.fi\/?page_id=38#improvisaatio\">Tunnesanaimprovisaatio<\/a>).<\/p>\n\n\n\n<div style=\"height:30px\" aria-hidden=\"true\" class=\"wp-block-spacer\"><\/div>\n\n\n\n<figure class=\"wp-block-image size-full\"><img loading=\"lazy\" decoding=\"async\" width=\"52\" height=\"53\" src=\"http:\/\/www.climatechangeinme.fi\/wp-content\/uploads\/2022\/11\/36.-seminka-a-cervene-vlnky-uvody-do-cviceni_02.png\" alt=\"\" class=\"wp-image-376\"\/><\/figure>\n\n\n\n<h3 class=\"has-text-align-center wp-block-heading\" id=\"virittaytyminen\">Viritt\u00e4ytyminen:<br>Alustus ymp\u00e4rist\u00f6tunteista<br><em>(5 min)<\/em><\/h3>\n\n\n\n<p>Opettaja alustaa lyhyesti siit\u00e4, miksi ilmastonmuutokseen liittyvi\u00e4 tunteita on t\u00e4rke\u00e4\u00e4 k\u00e4sitell\u00e4 (ks. Tajunnanvirtaa ymp\u00e4rist\u00f6tunteista -harjoituksen <a href=\"http:\/\/www.climatechangeinme.fi\/?page_id=38#virittaytyminen0\">Viritt\u00e4ytyminen<\/a>).<\/p>\n\n\n\n<div style=\"height:30px\" aria-hidden=\"true\" class=\"wp-block-spacer\"><\/div>\n\n\n\n<figure class=\"wp-block-image size-full\"><img loading=\"lazy\" decoding=\"async\" width=\"54\" height=\"54\" src=\"http:\/\/www.climatechangeinme.fi\/wp-content\/uploads\/2022\/11\/36.-seminka-a-cervene-vlnky-uvody-do-cviceni_04.png\" alt=\"\" class=\"wp-image-378\"\/><\/figure>\n\n\n\n<h3 class=\"has-text-align-center wp-block-heading\" id=\"paaharjoitus\">P\u00e4\u00e4harjoitus:<br>Tunteiden k\u00e4sitekartta<br><em>(25 min)<\/em><\/h3>\n\n\n\n<p>Tehd\u00e4\u00e4n k\u00e4sitekartta omista ymp\u00e4rist\u00f6tunteista tunnesanalistan avulla. Jaetaan k\u00e4sitekartat parin kanssa tai ker\u00e4t\u00e4\u00e4n osallistujien yhteinen tunnekartta AnswerGarden-alustalle (<a rel=\"noreferrer noopener\" href=\"https:\/\/answergarden.ch\" target=\"_blank\">https:\/\/answergarden.ch<\/a>) tai muuhun sanapilvisovellukseen (ks. <a href=\"http:\/\/www.climatechangeinme.fi\/?page_id=38#tunteiden\">Tunteiden k\u00e4sitekartta<\/a> -harjoitus- ja purkuohje).<\/p>\n\n\n\n<div style=\"height:30px\" aria-hidden=\"true\" class=\"wp-block-spacer\"><\/div>\n\n\n\n<figure class=\"wp-block-image size-full\"><img loading=\"lazy\" decoding=\"async\" width=\"32\" height=\"39\" src=\"http:\/\/www.climatechangeinme.fi\/wp-content\/uploads\/2022\/11\/36.-seminka-a-cervene-vlnky-uvody-do-cviceni_05.png\" alt=\"\" class=\"wp-image-379\"\/><\/figure>\n\n\n\n<h3 class=\"has-text-align-center wp-block-heading\" id=\"jatkoharjoitus\">Jatkoharjoitus:<br>Runo tai laulu omasta ilmastotunteesta<br><em>(25 min)<\/em><\/h3>\n\n\n\n<p>Kootaan runo tai laulu omasta ilmastotunteesta, valmiista runoista ja laulunsanoituksista leikkaamalla. Jaetaan syntynyt teksti parin kanssa tai luetaan se hiljaa mieless\u00e4 (ks. harjoitus <a href=\"http:\/\/www.climatechangeinme.fi\/?page_id=38#runo\">Runo tai laulu omasta ilmastotunteesta<\/a>).<\/p>\n\n\n\n<div style=\"height:30px\" aria-hidden=\"true\" class=\"wp-block-spacer\"><\/div>\n\n\n\n<figure class=\"wp-block-image size-full\"><img loading=\"lazy\" decoding=\"async\" width=\"51\" height=\"55\" src=\"http:\/\/www.climatechangeinme.fi\/wp-content\/uploads\/2022\/11\/36.-seminka-a-cervene-vlnky-uvody-do-cviceni_06.png\" alt=\"\" class=\"wp-image-381\"\/><\/figure>\n\n\n\n<h3 class=\"has-text-align-center wp-block-heading\" id=\"purku\">Purku: Yhteinen tunnemaasto<br><em>(15 min)<\/em><\/h3>\n\n\n\n<p>Jokainen alleviivaa k\u00e4sitekartastaan tai kokoamastaan runosta\/laulunsanoituksesta itselleen t\u00e4rke\u00e4n sanan tai lauseen, jonka haluaa jakaa muille. Koostetaan sanoista ryhm\u00e4n yhteinen tunnemaasto kollaasitekstin\u00e4 tai \u00e4\u00e4nimaisemana:<\/p>\n\n\n\n<p><strong>Vaihtoehto 1:<\/strong><br>Kollaasiteksti. Jokainen kirjoittaa valitsemansa sanan\/ lauseen isoille paperilapuille. Ryhm\u00e4l\u00e4isten sanoista ja lauseista muodostetaan yhteinen teksti lattialle tai sein\u00e4lle lappuja kiinnitt\u00e4m\u00e4ll\u00e4. Vaihtoehtoisesti teksti voidaan luoda my\u00f6s AnswerGarden-alustalle (<a href=\"https:\/\/answergarden.ch\" target=\"_blank\" rel=\"noreferrer noopener\">https:\/\/answergarden.ch<\/a>) tai muuhun sanapilvisovellukseen. Lopuksi ohjaaja lukee tekstin \u00e4\u00e4neen. Keskustellaan tekstin her\u00e4tt\u00e4mist\u00e4 ajatuksista.<\/p>\n\n\n\n<p><strong>Vaihtoehto 2<\/strong> (esiintymisest\u00e4 pit\u00e4ville ryhmille)<strong>:<\/strong><br>\u00c4\u00e4nimaisema. Menn\u00e4\u00e4n piiriin seisomaan. Jokainen sanoo vuorollaan oman sanansa\/lauseensa ja tekee siihen sopivan asennon, liikkeen tai eleen. Muut toistavat sanan\/ lauseen kaikuna ja peilaavat liikett\u00e4.<\/p>\n\n\n\n<figure class=\"wp-block-image size-large\"><img loading=\"lazy\" decoding=\"async\" width=\"724\" height=\"1024\" src=\"http:\/\/www.climatechangeinme.fi\/wp-content\/uploads\/2022\/11\/predel4-724x1024.png\" alt=\"\" class=\"wp-image-384\" srcset=\"https:\/\/www.climatechangeinme.fi\/wp-content\/uploads\/2022\/11\/predel4-724x1024.png 724w, https:\/\/www.climatechangeinme.fi\/wp-content\/uploads\/2022\/11\/predel4-212x300.png 212w, https:\/\/www.climatechangeinme.fi\/wp-content\/uploads\/2022\/11\/predel4-768x1087.png 768w, https:\/\/www.climatechangeinme.fi\/wp-content\/uploads\/2022\/11\/predel4.png 826w\" sizes=\"auto, (max-width: 724px) 100vw, 724px\" \/><\/figure>\n\n\n\n<div style=\"height:100px\" aria-hidden=\"true\" class=\"wp-block-spacer\"><\/div>\n\n\n\n<h2 class=\"has-text-align-center wp-block-heading\" id=\"kestava\">2. Kest\u00e4v\u00e4 tulevaisuus<br><em>(90 min)<\/em><\/h2>\n\n\n\n<figure class=\"wp-block-image size-full is-resized\"><img decoding=\"async\" src=\"http:\/\/www.climatechangeinme.fi\/wp-content\/uploads\/2022\/11\/36.-seminka-a-cervene-vlnky-uvody-do-cviceni_07.png\" alt=\"\" class=\"wp-image-385\" width=\"357\" srcset=\"https:\/\/www.climatechangeinme.fi\/wp-content\/uploads\/2022\/11\/36.-seminka-a-cervene-vlnky-uvody-do-cviceni_07.png 375w, https:\/\/www.climatechangeinme.fi\/wp-content\/uploads\/2022\/11\/36.-seminka-a-cervene-vlnky-uvody-do-cviceni_07-300x63.png 300w\" sizes=\"(max-width: 375px) 100vw, 375px\" \/><\/figure>\n\n\n\n<p><strong>Oppitunnin teema ja tavoitteet:<\/strong><br>Havainnoidaan omaa tulevaisuusajattelua. Jaetaan ajatuksia ekologisesta kest\u00e4vyydest\u00e4 ja laajennetaan kuvittelukyky\u00e4 ideoimalla kest\u00e4v\u00e4n tulevaisuuden taitoja ja keksint\u00f6j\u00e4. Yl\u00e4koulu ja lukio: Oppitunti edist\u00e4\u00e4 laaja-alaisen osaamisen tavoitteita <em>kulttuurinen osaaminen, vuorovaikutus ja ilmaisu; ajattelu ja oppimaan oppiminen; monilukutaito; itsest\u00e4 huolehtiminen ja arjen taidot; osallistuminen, vaikuttaminen ja kest\u00e4v\u00e4n tulevaisuuden rakentaminen; hyvinvointiosaaminen; vuorovaikutusosaaminen; eettisyys ja ymp\u00e4rist\u00f6osaaminen, globaali- ja kulttuuriosaaminen <\/em>sek\u00e4 <em>monitieteinen ja luova osaaminen<\/em>. Sanataiteen perusopetus: Oppitunti edist\u00e4\u00e4 tavoitetta <em>oma\u00e4\u00e4ninen kirjoittaminen<\/em> \u2013 oppitunnilla tutustutaan sanakirjam\u00e4\u00e4ritelm\u00e4\u00e4n tekstityyppin\u00e4, laajennetaan kuvittelukyky\u00e4, luodaan uusia sanoja ja kokeillaan tekstien ilmaisua kehollisesti, draaman kielell\u00e4.<\/p>\n\n\n\n<p><\/p>\n\n\n\n<figure class=\"wp-block-image size-full\"><img loading=\"lazy\" decoding=\"async\" width=\"51\" height=\"53\" src=\"http:\/\/www.climatechangeinme.fi\/wp-content\/uploads\/2022\/11\/36.-seminka-a-cervene-vlnky-uvody-do-cviceni_08.png\" alt=\"\" class=\"wp-image-388\"\/><\/figure>\n\n\n\n<h3 class=\"has-text-align-center wp-block-heading\" id=\"lammittelyharjoitus3\">L\u00e4mmittelyharjoitus:<br>Ajatuksiani tulevaisuudesta -gallup<br><em>(10 min)<\/em><\/h3>\n\n\n\n<p>Seisotaan piiriss\u00e4 ja ohjaaja lukee tulevaisuutta koskevia v\u00e4itteit\u00e4. Jokaisen v\u00e4itteen j\u00e4lkeen samaa mielt\u00e4 olevat ottavat yhden askeleen eteenp\u00e4in piiriss\u00e4 ja palaavat sitten paikalleen (ks. harjoitus <a href=\"http:\/\/www.climatechangeinme.fi\/?page_id=90#ajatuksiani\">Ajatuksiani tulevaisuudesta -gallup<\/a>).<\/p>\n\n\n\n<div style=\"height:30px\" aria-hidden=\"true\" class=\"wp-block-spacer\"><\/div>\n\n\n\n<figure class=\"wp-block-image size-full\"><img loading=\"lazy\" decoding=\"async\" width=\"40\" height=\"46\" src=\"http:\/\/www.climatechangeinme.fi\/wp-content\/uploads\/2022\/11\/36.-seminka-a-cervene-vlnky-uvody-do-cviceni_09.png\" alt=\"\" class=\"wp-image-390\"\/><\/figure>\n\n\n\n<h3 class=\"has-text-align-center wp-block-heading\" id=\"lammittelyharjoitus4\">L\u00e4mmittelyharjoitus:<br>Kest\u00e4v\u00e4 tulevaisuus -ideariihi<br><em>(10 min)<\/em><\/h3>\n\n\n\n<p>Jokainen saa 5 kpl post it -lappuja. Ideoidaan pienryhmiss\u00e4 vastauksia kysymykseen: \u201cJos saisit vapaasti p\u00e4\u00e4tt\u00e4\u00e4, milt\u00e4 ekologisesti kest\u00e4v\u00e4 tulevaisuus n\u00e4ytt\u00e4isi? Mink\u00e4laisessa tulevaisuudessa sek\u00e4 ihmiset ett\u00e4 muu luonto voisivat mahdollisimman hyvin?\u201d Ensin jokainen listaa hiljaa itsekseen vastauksia post it -lapuille 5 minuutin ajan (1 vastaus \/ lappu). Sen j\u00e4lkeen ideat jaetaan omalle ryhm\u00e4lle liimaamalla lappuja yhteiseen paperiin. Ryhm\u00e4 voi ryhmitell\u00e4 laput keskustelussa esiin nousevia teemoja vastaaviin paikkoihin.<\/p>\n\n\n\n<p><strong>Vaihtoehtoinen toteutustapa anonyymisti:<\/strong><br>Ideariihi voidaan pit\u00e4\u00e4 my\u00f6s koko ryhm\u00e4n kesken niin, ett\u00e4 oppilaat kirjoittavat itsekseen tai pienryhmiss\u00e4 Jamboard-sovelluksen avulla virtuaalisia tarralappuja yhteiselle alustalle:<br><a href=\"https:\/\/edu.google.com\/intl\/ALL_fi\/products\/jamboard\/\">https:\/\/edu.google.com\/intl\/ALL_fi\/<\/a><a href=\"https:\/\/edu.google.com\/intl\/ALL_fi\/products\/jamboard\/\" target=\"_blank\" rel=\"noreferrer noopener\">products<\/a><a href=\"https:\/\/edu.google.com\/intl\/ALL_fi\/products\/jamboard\/\">\/jamboard\/<\/a><\/p>\n\n\n\n<div style=\"height:30px\" aria-hidden=\"true\" class=\"wp-block-spacer\"><\/div>\n\n\n\n<figure class=\"wp-block-image size-full\"><img loading=\"lazy\" decoding=\"async\" width=\"61\" height=\"40\" src=\"http:\/\/www.climatechangeinme.fi\/wp-content\/uploads\/2022\/11\/36.-seminka-a-cervene-vlnky-uvody-do-cviceni_10.png\" alt=\"\" class=\"wp-image-392\"\/><\/figure>\n\n\n\n<h3 class=\"has-text-align-center wp-block-heading\" id=\"virittaytyminen2\">Viritt\u00e4ytyminen:<br>Ihmiskunnan keksint\u00f6j\u00e4<br><em>(10 min)<\/em><\/h3>\n\n\n\n<p>Tutustutaan ihmiskunnan historian t\u00e4rkeisiin keksint\u00f6ihin ja pohditaan keksint\u00f6jen roolia omassa arjessa (ks. Tulevaisuuden keksint\u00f6j\u00e4 -harjoituksen <a href=\"http:\/\/www.climatechangeinme.fi\/?page_id=90#keksinnot1\">Viritt\u00e4ytyminen<\/a>).<\/p>\n\n\n\n<div style=\"height:30px\" aria-hidden=\"true\" class=\"wp-block-spacer\"><\/div>\n\n\n\n<figure class=\"wp-block-image size-full\"><img loading=\"lazy\" decoding=\"async\" width=\"59\" height=\"39\" src=\"http:\/\/www.climatechangeinme.fi\/wp-content\/uploads\/2022\/11\/36.-seminka-a-cervene-vlnky-uvody-do-cviceni_11.png\" alt=\"\" class=\"wp-image-393\"\/><\/figure>\n\n\n\n<h3 class=\"has-text-align-center wp-block-heading\" id=\"paaharjoitus2\">P\u00e4\u00e4harjoitus:<br>Tulevaisuuden keksint\u00f6j\u00e4<br><em>(30 min)<\/em><\/h3>\n\n\n\n<p>Luodaan uusia yhdyssanoja ja kirjoitetaan valitun yhdyssanan pohjalta kest\u00e4v\u00e4n tulevaisuuden keksinn\u00f6n tai taidon kuvaus (ks. harjoitusohjeet ja apukysymykset harjoituksiin <a href=\"http:\/\/www.climatechangeinme.fi\/?page_id=90#harjoitus0\">Tulevaisuuden keksint\u00f6j\u00e4<\/a> ja <a href=\"http:\/\/www.climatechangeinme.fi\/?page_id=92#ilmastotaidot1\">Minun ilmastotaitoni<\/a>). Esimerkkitekstin\u00e4 opettaja voi lukea ryhm\u00e4lle tekstin nimelt\u00e4 \u201c<a href=\"http:\/\/www.climatechangeinme.fi\/?page_id=92#leikinnako\">Leikinn\u00e4k\u00f6<\/a>\u201d <em>Utopedia<\/em>-sanastosta.<\/p>\n\n\n\n<div style=\"height:30px\" aria-hidden=\"true\" class=\"wp-block-spacer\"><\/div>\n\n\n\n<figure class=\"wp-block-image size-full\"><img loading=\"lazy\" decoding=\"async\" width=\"41\" height=\"76\" src=\"http:\/\/www.climatechangeinme.fi\/wp-content\/uploads\/2022\/11\/36.-seminka-a-cervene-vlnky-uvody-do-cviceni_12.png\" alt=\"\" class=\"wp-image-394\"\/><\/figure>\n\n\n\n<h3 class=\"has-text-align-center wp-block-heading\" id=\"jatkoharjoitus2\">Jatkoharjoitus:<br>Pys\u00e4ytyskuvia tulevaisuuden <br>taidoista ja keksinn\u00f6ist\u00e4<br><em>(30 min)<\/em><\/h3>\n\n\n\n<p>Ideoidaan pienryhmiss\u00e4 pys\u00e4ytyskuvia edellisess\u00e4 harjoituksessa kirjoitettujen tulevaisuuden keksint\u00f6jen ja taitojen pohjalta. Esitet\u00e4\u00e4n pys\u00e4ytyskuvat toisille ryhmille (ks. harjoitus <a href=\"http:\/\/www.climatechangeinme.fi\/?page_id=38#pysaytyskuvia\">Pys\u00e4ytyskuvia ymp\u00e4rist\u00f6tunteista<\/a>).<\/p>\n\n\n\n<div style=\"height:100px\" aria-hidden=\"true\" class=\"wp-block-spacer\"><\/div>\n\n\n\n<h2 class=\"has-text-align-center wp-block-heading\" id=\"mina\">3. Min\u00e4 ymp\u00e4rist\u00f6vaikuttajana<br><em>(90 min)<\/em><\/h2>\n\n\n\n<figure class=\"wp-block-image size-full is-resized\"><img decoding=\"async\" src=\"http:\/\/www.climatechangeinme.fi\/wp-content\/uploads\/2022\/11\/36.-seminka-a-cervene-vlnky-uvody-do-cviceni_13.png\" alt=\"\" class=\"wp-image-397\" width=\"357\" srcset=\"https:\/\/www.climatechangeinme.fi\/wp-content\/uploads\/2022\/11\/36.-seminka-a-cervene-vlnky-uvody-do-cviceni_13.png 379w, https:\/\/www.climatechangeinme.fi\/wp-content\/uploads\/2022\/11\/36.-seminka-a-cervene-vlnky-uvody-do-cviceni_13-300x57.png 300w\" sizes=\"(max-width: 379px) 100vw, 379px\" \/><\/figure>\n\n\n\n<p><strong>Oppitunnin teema ja tavoitteet:<\/strong><br>Havainnoidaan omia ymp\u00e4rist\u00f6asenteita ja pohditaan itselle sopivia keinoja ymp\u00e4rist\u00f6vaikuttamiseen. Yl\u00e4koulu ja lukio: Oppitunti edist\u00e4\u00e4 laaja-alaisen osaamisen tavoitteita <em>kulttuurinen osaaminen, vuorovaikutus ja ilmaisu; monilukutaito; osallistuminen, vaikuttaminen ja kest\u00e4v\u00e4n tulevaisuuden rakentaminen; eettisyys ja ymp\u00e4rist\u00f6osaaminen; globaali- ja kulttuuriosaaminen<\/em> sek\u00e4 <em>monitieteinen ja luova osaaminen<\/em>. Sanataiteen perusopetus: Oppitunti edist\u00e4\u00e4 tavoitetta <em>oma\u00e4\u00e4ninen kirjoittaminen<\/em> \u2013 oppitunnilla tutustutaan henkil\u00f6hahmon ja tarinan rakentamiseen sek\u00e4 supersankaritarinoihin tekstityyppin\u00e4 ja laajennetaan kuvittelukyky\u00e4.<\/p>\n\n\n\n<div style=\"height:30px\" aria-hidden=\"true\" class=\"wp-block-spacer\"><\/div>\n\n\n\n<figure class=\"wp-block-image size-full\"><img loading=\"lazy\" decoding=\"async\" width=\"51\" height=\"53\" src=\"http:\/\/www.climatechangeinme.fi\/wp-content\/uploads\/2022\/11\/36.-seminka-a-cervene-vlnky-uvody-do-cviceni_08.png\" alt=\"\" class=\"wp-image-388\"\/><\/figure>\n\n\n\n<h3 class=\"has-text-align-center wp-block-heading\" id=\"lammittelyharjoitus5\">L\u00e4mmittelyharjoitus:<br>Jos kaikki olisi mahdollista<br><em>(10 min)<\/em><\/h3>\n\n\n\n<p>Viritell\u00e4\u00e4n mielikuvitusta keksim\u00e4ll\u00e4 luovia ratkaisuja ymp\u00e4rist\u00f6kriisin kohtaamiseen (ks. harjoitus <a href=\"http:\/\/www.climatechangeinme.fi\/?page_id=92#jos\">Jos kaikki olisi mahdollista<\/a>).<\/p>\n\n\n\n<div style=\"height:30px\" aria-hidden=\"true\" class=\"wp-block-spacer\"><\/div>\n\n\n\n<figure class=\"wp-block-image size-full\"><img loading=\"lazy\" decoding=\"async\" width=\"46\" height=\"48\" src=\"http:\/\/www.climatechangeinme.fi\/wp-content\/uploads\/2022\/11\/36.-seminka-a-cervene-vlnky-uvody-do-cviceni_14.png\" alt=\"\" class=\"wp-image-398\"\/><\/figure>\n\n\n\n<h3 class=\"has-text-align-center wp-block-heading\" id=\"virittaytyminen3\">Viritt\u00e4ytyminen:<br>Tutustuminen ilmastovaikuttamiseen<br><em>(30 min)<\/em><\/h3>\n\n\n\n<p>Tutustutaan ilmastovaikuttamisen keinoihin ja pohditaan omia vaikuttamistapoja (ks. Ilmastosankareita-harjoituksen <a href=\"http:\/\/www.climatechangeinme.fi\/?page_id=92#ilmastosankareita1\">Viritt\u00e4ytyminen<\/a>).<\/p>\n\n\n\n<div style=\"height:30px\" aria-hidden=\"true\" class=\"wp-block-spacer\"><\/div>\n\n\n\n<figure class=\"wp-block-image size-full\"><img loading=\"lazy\" decoding=\"async\" width=\"61\" height=\"71\" src=\"http:\/\/www.climatechangeinme.fi\/wp-content\/uploads\/2022\/11\/36.-seminka-a-cervene-vlnky-uvody-do-cviceni_15.png\" alt=\"\" class=\"wp-image-399\"\/><\/figure>\n\n\n\n<h3 class=\"has-text-align-center wp-block-heading\" id=\"paaharjoitus3\">P\u00e4\u00e4harjoitus:<br>Ilmastosankareita<br><em>(30 min)<\/em><\/h3>\n\n\n\n<p>Ideoidaan oma ilmastosupersankari (ks. harjoitus <a href=\"http:\/\/www.climatechangeinme.fi\/?page_id=92#harjoitus02\">Ilmastosankareita<\/a>). Esitell\u00e4\u00e4n omat hahmot pareittain tai pienryhmiss\u00e4.<\/p>\n\n\n\n<div style=\"height:30px\" aria-hidden=\"true\" class=\"wp-block-spacer\"><\/div>\n\n\n\n<figure class=\"wp-block-image size-full\"><img loading=\"lazy\" decoding=\"async\" width=\"71\" height=\"43\" src=\"http:\/\/www.climatechangeinme.fi\/wp-content\/uploads\/2022\/11\/36.-seminka-a-cervene-vlnky-uvody-do-cviceni_16.png\" alt=\"\" class=\"wp-image-400\"\/><\/figure>\n\n\n\n<h3 class=\"has-text-align-center wp-block-heading\" id=\"jatkoharjoitus3\">Jatkoharjoitus:<br>Elokuva ilmastosupersankarista<br><em>(20 min)<\/em><\/h3>\n\n\n\n<p>Keksit\u00e4\u00e4n nimi elokuvalle, jossa oma ilmastosupersankari seikkailee. Kirjoitetaan elokuvan juonitiivistelm\u00e4 noin viidell\u00e4 lauseella. Jos on runsaasti aikaa k\u00e4ytett\u00e4viss\u00e4, voidaan suunnitella my\u00f6s elokuvan juliste esimerkiksi piirt\u00e4m\u00e4ll\u00e4 tai valokuvaamalla ja kuvank\u00e4sittelyohjelmalla. Tehd\u00e4\u00e4n kuvista ja teksteist\u00e4 n\u00e4yttely luokan sein\u00e4lle ja katsellaan niit\u00e4 lopuksi yhdess\u00e4. Mik\u00e4li ryhm\u00e4n ilmapiiri on turvallinen, jokainen voi my\u00f6s esitell\u00e4 oman teoksensa toisille.<\/p>\n\n\n\n<p>&#8211;&gt;<a href=\"http:\/\/www.climatechangeinme.fi\/?page_id=491\" data-type=\"URL\" data-id=\"http:\/\/www.climatechangeinme.fi\/?page_id=491\">Lukuvinkkej\u00e4<\/a>&lt;&#8211;<\/p>\n","protected":false},"excerpt":{"rendered":"<p>Luvun sis\u00e4lt\u00f6: Ymp\u00e4rist\u00f6tunteetL\u00e4mmittelyharjoitus: KiitollisuuspiiriL\u00e4mmittelyharjoitus: TunnesanaimprovisaatioViritt\u00e4ytyminen: Alustus ymp\u00e4rist\u00f6tunteistaP\u00e4\u00e4harjoitus: Tunteiden k\u00e4sitekarttaJatkoharjoitus: Runo tai laulu omasta ilmastotunteestaPurku: Yhteinen tunnemaasto Kest\u00e4v\u00e4 tulevaisuusL\u00e4mmittelyharjoitus: Ajatuksiani tulevaisuudesta -gallupL\u00e4mmittelyharjoitus: Kest\u00e4v\u00e4 tulevaisuus -ideariihiViritt\u00e4ytyminen: Ihmiskunnan keksint\u00f6j\u00e4P\u00e4\u00e4harjoitus: Tulevaisuuden keksint\u00f6j\u00e4Jatkoharjoitus: Pys\u00e4ytyskuvia tulevaisuuden taidoista ja keksinn\u00f6ist\u00e4 Min\u00e4 ymp\u00e4rist\u00f6vaikuttajanaL\u00e4mmittelyharjoitus: Jos kaikki olisi mahdollistaViritt\u00e4ytyminen: Tutustuminen ilmastovaikuttamiseenP\u00e4\u00e4harjoitus: IlmastosankareitaJatkoharjoitus: Elokuva ilmastosupersankarista 1. Ymp\u00e4rist\u00f6tunteet(90 min) Oppitunnin teema ja tavoitteet:Oppitunnilla opetellaan tunnistamaan itsess\u00e4 erilaisia&hellip; <a class=\"more-link\" href=\"https:\/\/www.climatechangeinme.fi\/?page_id=93\">Jatka lukemista <span class=\"screen-reader-text\">Esimerkkity\u00f6pajoja<\/span><\/a><\/p>\n","protected":false},"author":2,"featured_media":0,"parent":0,"menu_order":0,"comment_status":"closed","ping_status":"closed","template":"","meta":{"footnotes":""},"class_list":["post-93","page","type-page","status-publish","hentry","entry"],"_links":{"self":[{"href":"https:\/\/www.climatechangeinme.fi\/index.php?rest_route=\/wp\/v2\/pages\/93","targetHints":{"allow":["GET"]}}],"collection":[{"href":"https:\/\/www.climatechangeinme.fi\/index.php?rest_route=\/wp\/v2\/pages"}],"about":[{"href":"https:\/\/www.climatechangeinme.fi\/index.php?rest_route=\/wp\/v2\/types\/page"}],"author":[{"embeddable":true,"href":"https:\/\/www.climatechangeinme.fi\/index.php?rest_route=\/wp\/v2\/users\/2"}],"replies":[{"embeddable":true,"href":"https:\/\/www.climatechangeinme.fi\/index.php?rest_route=%2Fwp%2Fv2%2Fcomments&post=93"}],"version-history":[{"count":40,"href":"https:\/\/www.climatechangeinme.fi\/index.php?rest_route=\/wp\/v2\/pages\/93\/revisions"}],"predecessor-version":[{"id":1047,"href":"https:\/\/www.climatechangeinme.fi\/index.php?rest_route=\/wp\/v2\/pages\/93\/revisions\/1047"}],"wp:attachment":[{"href":"https:\/\/www.climatechangeinme.fi\/index.php?rest_route=%2Fwp%2Fv2%2Fmedia&parent=93"}],"curies":[{"name":"wp","href":"https:\/\/api.w.org\/{rel}","templated":true}]}}